{"id":7,"date":"2019-06-11T05:35:23","date_gmt":"2019-06-11T05:35:23","guid":{"rendered":"http:\/\/cirkeldans.se\/?page_id=7"},"modified":"2026-04-01T09:06:35","modified_gmt":"2026-04-01T07:06:35","slug":"kalendarium","status":"publish","type":"page","link":"https:\/\/cirkeldans.se\/index.php\/kalendarium\/","title":{"rendered":"Dansplatser\/grupper"},"content":{"rendered":"\n<p>Sidan inneh\u00e5ller information om dans grupper v\u00e5ren 2026 och uppdateras successivt.<\/p>\n\n\n\n<p class=\"has-background\" style=\"background-color:#a4eea5\">\u00c4r du intresserad av att hitta en lokal dansgrupp d\u00e4r du kan dansa regelbundet hittar du information om detta h\u00e4r. Leder du sj\u00e4lv en grupp har du m\u00f6jlighet att h\u00e4r l\u00e4gga ut information om dig sj\u00e4lv, dina kontaktuppgifter, gruppens terminsschema, etc.<\/p>\n\n\n\n<h1 class=\"wp-block-heading\"> <g class=\"gr_ gr_4 gr-alert gr_spell gr_inline_cards gr_run_anim ContextualSpelling\" id=\"4\" data-gr-id=\"4\"><g class=\"gr_ gr_4 gr-alert gr_spell gr_inline_cards gr_run_anim ContextualSpelling\" id=\"4\" data-gr-id=\"4\">Dansgrupper<\/g><\/g> i S\u00f6dra Sverige:<\/h1>\n\n\n\n<p><\/p>\n\n\n\n<h2 class=\"wp-block-heading\">Cirkeldans i V\u00e4xj\u00f6 <\/h2>\n\n\n\n<p>Vi b\u00f6rjade 12 januari med att dansa ut julen i Skogslyckans f\u00f6rsamlingshem under ledning av Ann-Christin Wigermo. Nu forts\u00e4tter vi med v\u00e5rens danser i Skogslyckan udda m\u00e5ndagar kl.18-20 .<\/p>\n\n\n\n<p><strong>Dansdatum: 26\/1, 9\/2, 23\/2, 9\/3, 23\/3, 20\/4, 4\/5 och 18\/5<\/strong> (ingen dans p\u00e5 Annandag p\u00e5sk).<\/p>\n\n\n\n<p><strong>Plats<\/strong>:&nbsp;Skogslyckans f\u00f6rsamlingshem, Ekebov\u00e4gen 15, V\u00e4xj\u00f6.<\/p>\n\n\n\n<p><strong>Dansledare<\/strong>: (som turas om): Ann-Christin Wigermo, Heidi Sydmark, Eva Ros\u00e9n-Sverd\u00e9n<\/p>\n\n\n\n<p>Vi m\u00f6ts i dansens gemenskap, ibland i nyskapade danser och ibland i danser fr\u00e5n olika \u00e4ldre danstraditioner. Dansstegen \u00e4r enkla.&nbsp;Ingen anm\u00e4lan, ingen avgift. Tag med skor att dansa i och vattenflaska. Det kr\u00e4vs ingen dansvana, vi \u00f6var stegen. Cirkeln b\u00e4r!<\/p>\n\n\n\n<p>Kontakt: Eva Ros\u00e9n- Sverd\u00e9n, eva.rosensverden@gmail.com, 0768-54 27 22.<\/p>\n\n\n\n<h2 class=\"wp-block-heading\">Cirkeldanser \u2013 Heliga danser i S:t Nicolai Kyrkan, Simrishamn<\/h2>\n\n\n\n<p><strong>Dansledare:<\/strong> Lena Tj\u00f6rnhammar och Anne Solveig med v\u00e4nner. Lena leder danser fr\u00e5n olika kulturer och Anne Solveig leder Mundekulladanser och danser f\u00f6r fred. Enkla danser \u2013 du beh\u00f6ver inte ha dansat f\u00f6rut.<\/p>\n\n\n\n<p><strong>Start:<\/strong> M\u00e5ndagen 16 februari, <strong>Tid:<\/strong>&nbsp;M\u00e5ndagar kl 15.30 \u2013 16.45&nbsp; (de flesta m\u00e5ndagar under v\u00e5ren)<\/p>\n\n\n\n<p><strong>Ingen kostnad<\/strong>. Kom n\u00e4r du vill.&nbsp;<strong>Info<\/strong>:&nbsp;<a href=\"mailto:anne@annesolveig.se\">anne@annesolveig.se<\/a> Maila oss g\u00e4rna innan du kommer f\u00f6rsta g\u00e5ngen f\u00f6r mer info.<\/p>\n\n\n\n<h2 class=\"wp-block-heading\">Cirkeldanser f\u00f6r fred\u00a0i Liberiet vid Domkyrkan i Lund<\/h2>\n\n\n\n<p><strong>Dansledare<\/strong>: Peter Elmberg och Anne Solveig med v\u00e4nner (g\u00e4stledare ist\u00e4llet f\u00f6r n\u00e5gon av oss vid enstaka tillf\u00e4lle). Vi inleder med en meditation. Sedan sjunger vi tillsammans och dansar cirkeldanser \/ Peacedances med syfte att skapa gemenskap, gl\u00e4dje och hopp. Danserna \u00e4r enkla, ingen f\u00f6rkunskap kr\u00e4vs.&nbsp;Vi avslutar med att bjuda p\u00e5 enkel fika i det mysiga caf\u00e9t.<\/p>\n\n\n\n<p><strong>Datum:<\/strong> <strong>25\/1, 22\/2, 22\/3 och 19\/4. 14.00 \u2013 16.00 inkl fikastund<\/strong>.<br><strong>Pris:<\/strong>&nbsp;240: \/ tillf\u00e4lle (700:- f\u00f6r dig som bokar alla 4 S\u00f6ndagar). Info och anm\u00e4lan: anne@annesolveig.se. <strong>Anm\u00e4lan <\/strong>senast L\u00f6rdagen innan varje danstillf\u00e4lle<br><\/p>\n\n\n\n<h2 class=\"wp-block-heading\">Sittande dans i R\u00f6st\u00e5nga f\u00f6rsamlingshem<\/h2>\n\n\n\n<p>Alla m\u00e5r bra av att r\u00f6ra sig till musik tillsammans med andra m\u00e4nniskor. Sittande dans \u00f6ppnar dansen f\u00f6r fler fysiskt naturligtvis men det blir ocks\u00e5 en l\u00e4gre tr\u00f6skel att prova p\u00e5 lite dans utifr\u00e5n egen f\u00f6rm\u00e5ga. <\/p>\n\n\n\n<p><strong>Datum; 2 februari 23 februari 2 mars, 20 april och 4 maj kl 18.00-19.45.<\/strong> Alla \u00e4r v\u00e4lkomna, ingen f\u00f6rkunskap. Ledare Annika Linderfalk. Kontakta g\u00e4rna Annika vid fr\u00e5gor; annikalinderfalk@hotmail.com<\/p>\n\n\n\n<p><a href=\"https:\/\/www.sensus.se\/kurser-och-evenemang\/sittande-dans-i-rostanga-1652956\/\">https:\/\/www.sensus.se\/kurser-och-evenemang\/sittande-dans-i-rostanga-1652956\/<\/a><\/p>\n\n\n\n<h2 class=\"wp-block-heading\">Heliga danser i Kyrkans Hus, H\u00f6llviken (Ej uppdaterad)<\/h2>\n\n\n\n<p>I h\u00f6st \u00e4r det dans 1,15, och 29 sept samt 13 okt. Kl 14 -16 i Linn\u00e9salen, Kyrkans hus. Ingen anm\u00e4lan, ingen kostnad. Dansledare; Susann Persson, <a href=\"javascript:phoenixHandler.handleMailTo('susann.persson@svenskakyrkan.se');\">susann.persson@svenskakyrkan.se<\/a>. <\/p>\n\n\n\n<h2 class=\"wp-block-heading\">Dans i R\u00f6da Rummet, Kirseberg, Malm\u00f6<\/h2>\n\n\n\n<p>Med Pia Lamberth och Sabine Neumann, <strong>den 14\/2, 11\/4 och 9\/5 klockan 14-18<\/strong>. Kostnad 400kr. Anm\u00e4lan till Pia; pia@pialamberth.se.<\/p>\n\n\n\n<h2 class=\"wp-block-heading\">Heliga danser i \u00d6stra Ljungby f\u00f6rsamlingsg\u00e5rd<\/h2>\n\n\n\n<p>Vi dansar f\u00f6r gl\u00e4dje och gemenskap, r\u00f6relse och vila Vi dansar i cirklar och spiraler, r\u00f6r oss i urgamla danser s\u00e5v\u00e4l som nykoreograferade.&nbsp;Ledare Karin Fors, (diplomerad i Heliga danser och f\u00f6rsamlingspedagog) kontakta <a href=\"mailto:karin.fors@telia.com\">karin.fors@telia.com<\/a>&nbsp; Kostnadsfritt, f\u00f6rsamlingen bjuder. Onsdagarna 15\/4 och 13\/5 kl; 13.30-15.00. L\u00e4s mer h\u00e4r: <a href=\"https:\/\/www.sensus.se\/kurser-och-evenemang\/heliga-danser-i-ostra-ljungby-vt-26-1649106\" target=\"_blank\" rel=\"noreferrer noopener\">https:\/\/www.sensus.se\/kurser-och-evenemang\/heliga-danser-i-ostra-ljungby-vt-26-1649106<\/a>  <br> &nbsp;<\/p>\n\n\n\n<h2 class=\"wp-block-heading\">Heliga danser i Brunnby f\u00f6rsamlingshem <\/h2>\n\n\n\n<p>Heliga danser \u00e4r ett uttryck f\u00f6r meditation och b\u00f6n som ger djup, vila och n\u00e4rvaro i nuet. Vi l\u00e5ter cirkeln b\u00e4ra oss och dansar tillsammans till musik fr\u00e5n olika tider, kulturer och genrer. Dansstegen \u00e4r l\u00e4tta och i korta sekvenser som upprepas. Vi g\u00e5r igenom stegen inf\u00f6r varje dans s\u00e5 ingen dansvana beh\u00f6vs. Ledare \u00e4r Mona Geilert, med 25 \u00e5rs erfarenhet. Ingen anm\u00e4lan beh\u00f6vs. <\/p>\n\n\n\n<p><strong>M\u00e5ndagar kl;18.00-20.00, 19 jan,23 feb, 23 mars, 27 april och 18maj<\/strong>. <strong>Br\u00e4nneslyckev\u00e4gen 3, Brunnby. <\/strong><\/p>\n\n\n\n<p>Har du fr\u00e5gor kontakta Anne Puronen; 0725-126727, anne.puronenen@svenskakyrkan.se<\/p>\n\n\n\n<h2 class=\"wp-block-heading\">Cirkeldans i Esl\u00f6vs kyrka <\/h2>\n\n\n\n<p>Med enkla steg, till musik fr\u00e5n olika genrer och l\u00e4nder, utforskar vi tillsammans cirkelns kraft. Genom musiken och r\u00f6relsen f\u00e5r vi uppleva hur cirkeln b\u00e4r. Inga f\u00f6rkunskaper kr\u00e4vs. Vi tr\u00e4ffas p\u00e5 torsdagar en g\u00e5ng i m\u00e5naden. Ta med sk\u00f6na skor och vattenflaska. Ingen anm\u00e4lan men f\u00f6r mer information kontakta Helene Jakobsson, tel 072-593 20 23 <a href=\"javascript:phoenixHandler.handleMailTo('helene.jakobsson@svenskakyrkan.se');\">helene.jakobsson@svenskakyrkan.se<\/a><\/p>\n\n\n\n<p><strong>Torsdagarna; 8\/1, 19\/2, 19\/3, 16\/4 och 11\/6 kl;18:30 -20:00.<\/strong><br><br><\/p>\n\n\n\n<hr class=\"wp-block-separator has-css-opacity is-style-wide\"\/>\n\n\n\n<h1 class=\"wp-block-heading\">Dansgrupper Stockholmsomr\u00e5de\/ mellansverige<\/h1>\n\n\n\n<hr class=\"wp-block-separator has-css-opacity is-style-wide\"\/>\n\n\n\n<h2 class=\"wp-block-heading\">Sofia kyrka, Dans som meditation <\/h2>\n\n\n\n<p>i Sofia kyrka kommer att ske p\u00e5 fredagar med b\u00f6rjan den <strong>27 februari<\/strong> <strong>kl 18.00 &#8211; ca 19.30<\/strong> och d\u00e4refter den<br><strong>20 mars, 24 april och 29 maj.<\/strong> Observera att det inte \u00e4r n\u00e5gon \u201dDans som meditation\u201d under januari och<br>att danstillf\u00e4llet i mars inte \u00e4r den sista fredagen i m\u00e5naden!     Ing\u00e5ng sker fr\u00e5n porten vid tillg\u00e4nglighetsrampen. <\/p>\n\n\n\n<p>Info: Anne-Marie Roos Retourn\u00e9,&nbsp;<a href=\"http:\/\/webmail.telia.com\/invalidurl.gif\">am.retourne@gmail.com<\/a>.<\/p>\n\n\n\n<h2 class=\"wp-block-heading\">Mindfulness genom cirkeldans, Gula Villan i J\u00e4rna <\/h2>\n\n\n\n<p>Vi dansar f\u00f6r jorden och himmelen, f\u00f6r fred, f\u00f6r k\u00e4rleken, f\u00f6r oss sj\u00e4lva, gemenskapen och<br>f\u00f6r att det \u00e4r kul, till v\u00e4rldens musik. KOM OCH PROVA! Stegen \u00e4r l\u00e4tta, r\u00f6relsen \u00e4r djupg\u00e5ende och man blir glad i sj\u00e4len. Det \u00e4r en \u00f6ppen grupp s\u00e5 ingen anm\u00e4lan beh\u00f6vs och du beh\u00f6ver inte ha dansat cirkeldans f\u00f6rut. Ta g\u00e4rna med vatten. Avgiften \u00e4r 70 kr.<\/p>\n\n\n\n<p>F<strong>redagar kl 10.00-11.30. Vi dansar fr\u00e5n v.3 till och med v.13<\/strong>. Info: Ann Van Beek; valgorandedans@gmail.com Instagram: @valgorandedans<\/p>\n\n\n\n<h2 class=\"wp-block-heading\">J\u00e4rna, i Gula Villan <\/h2>\n\n\n\n<p>V\u00e4lkommen i cirkeln! Vi dansar grekisk, romsk, heligt och h\u00e4rligt och enkla meditativa danser med stillhet och n\u00e4rhet i Gula Villan, Bergsgatan 2 i J\u00e4rna, fem minuter fr\u00e5n Pendelt\u00e5gsstationen. Ingen anm\u00e4lan kr\u00e4vs.<\/p>\n\n\n\n<p><strong>S\u00f6ndagarna;<\/strong> <strong>18\/1, 15\/2, 22\/3, 19\/4 och 24\/5, kl; 10.00-12.00<\/strong><\/p>\n\n\n\n<p>F\u00f6r information kontakta dansledare Kirsten Nisted; <a>nistedkirsten@gmail.com<\/a><\/p>\n\n\n\n<hr class=\"wp-block-separator has-css-opacity\"\/>\n\n\n\n<h2 class=\"wp-block-heading\">Hedvig Eleonora Stora F\u00f6rsamlingssal <\/h2>\n\n\n\n<p><strong>V\u00c4LKOMMEN ATT DANSA HELIGA DANSER<\/strong><\/p>\n\n\n\n<p><strong>Jungfrugatan 2 B,<\/strong>&nbsp;<strong>\u00d6stermalmstorg. M\u00e5ndagar p\u00e5 oj\u00e4mna veckor kl 11.30-13.00<\/strong>&nbsp;<strong>det f\u00f6rsta tillf\u00e4llet under v\u00e5ren \u00e4r 12 januari och det sista \u00e4r 1 juni.<\/strong>&nbsp;Obs! FULLT! INGEN PLATS F\u00d6R FLER DANSARE<\/p>\n\n\n\n<p><strong>Kostnad;&nbsp;<\/strong>700 kr.&nbsp;<strong>H\u00f6gsta antal<\/strong>;&nbsp;25 personer.&nbsp;Ta med&nbsp;sk\u00f6na skor att dansa i och en vattenflaska. Anm\u00e4lan:&nbsp;<a href=\"http:\/\/webmail.telia.com\/invalidurl.gif\">am.retourne@gmail.com<\/a>, tel 070-227 37 61. Kursen g\u00e5r genom Sensus som skickar ut en faktura. Ledare \u00e4r&nbsp;<strong>Anne-Marie Roos Retourne<\/strong>, utbildad dansledare sedan \u00e5r 2001.<\/p>\n\n\n\n<hr class=\"wp-block-separator has-css-opacity\"\/>\n\n\n\n<h2 class=\"wp-block-heading\">S\u00e4tra\u00e4ngsskyrkan, Danderyd <\/h2>\n\n\n\n<p>Sj\u00f6bergsv\u00e4gen 32. Buss 607 fr\u00e5n M\u00f6rby Centrum. H\u00e5llplats S\u00e4tra Pr\u00e4stg\u00e5rd. Tisdagarna j\u00e4mna veckor, f\u00f6rsta tillf\u00e4llet under v\u00e5ren \u00e4r 3\/2 och sista \u00e4r 26\/5. Tider: 10.30-12.00. Ingen&nbsp;anm\u00e4lan&nbsp;beh\u00f6vs. Efter dansen \u00e4r det fikastund. Vi delar tankar och funderingar med varandra. Diakon Estelle Wiesel \u00e4r med i dans och efterf\u00f6ljande samvaro.<\/p>\n\n\n\n<p>Kontakt; Gunilla Stjernberg 076-552 65 06. <\/p>\n\n\n\n<h2 class=\"wp-block-heading\">Norrmalmskyrkan, Dans och h\u00e4lsa i Heliga dansers tradition <\/h2>\n\n\n\n<p>Norrtullsgatan 37, t-bana Odenplan. Anne-Marie Roos Retourn\u00e9 och Gunilla Stjernberg delar p\u00e5 ledaskapet. Vid fr\u00e5gor kontakta Anne-Marie Roos Retourn\u00e9 070&nbsp;227 37 61<\/p>\n\n\n\n<p><strong>Onsdagar p\u00e5 j\u00e4mna veckor kl 10.30 \u2013 12.00,<\/strong>&nbsp;med start 21 januari, sista tillf\u00e4llet \u00e4r 27 maj. Ingen f\u00f6ranm\u00e4lan. Kostnad 70 kronor per g\u00e5ng.<\/p>\n\n\n\n<hr class=\"wp-block-separator has-css-opacity\"\/>\n\n\n\n<h2 class=\"wp-block-heading\">Vallentuna kyrka, Cirkeldans-helande r\u00f6relse <\/h2>\n\n\n\n<p>Kyrkv\u00e4gen 5, Roslagsbanan linje 27. Vi tr\u00e4ffas vid \u00e5tta tillf\u00e4llen, oj\u00e4mna veckor, kl. 10.00-11.30 i Vallentuna kyrka, Tisdagarna; 13\/1, &nbsp;27\/1, &nbsp;10\/2, &nbsp;24\/2, &nbsp;10\/3, &nbsp;24\/3, 7\/4, &nbsp;21\/4 (24\/3 i Klockarg\u00e5rden, f\u00f6rsamlingshus n\u00e4ra intill)<\/p>\n\n\n\n<p>Kostnadsfritt och ingen anm\u00e4lan. F\u00f6r mer info: Ulla Bunis ; 072-924 1319, ulla.bunis@hotmail.com.<\/p>\n\n\n\n<h2 class=\"wp-block-heading\">M\u00e4larh\u00f6jdens kyrka, Dansmeditation<\/h2>\n\n\n\n<p>Sporrgr\u00e4nd 1, T-bana&nbsp;<strong>M\u00e4larh\u00f6jden,&nbsp;<\/strong>15 min fr\u00e5n T-Centralen p\u00e5 r\u00f6d linje. Vi tr\u00e4ffas sju&nbsp;tisdagskv\u00e4llar under v\u00e5rterminen 2026:&nbsp;<strong>20 januari, 3 &amp; 17 februari, 3 &amp; 17 &amp; 31 mars och 14 april<\/strong>.&nbsp;<em>Dansmeditation <\/em>kl&nbsp;17.30-19.00,&nbsp;<em>bibelsamtal &amp; existentiella fr\u00e5gor<\/em>&nbsp;med pr\u00e4sten Mats Johansson kl 19.00-20.00 Kaffe\/t\u00e9 &amp; l\u00e4ckra sm\u00f6rg\u00e5sar. Ingen anm\u00e4lan, ingen avgift.&nbsp;<\/p>\n\n\n\n<p>Information Eva Ullner,&nbsp;<a>eva.ullner@gmail.com<\/a>&nbsp;073-943 34 19. V\u00e4gbeskrivning f\u00f6r g\u00e5ende fr\u00e5n T-banan, fem minuter:&nbsp;Det finns bara en utg\u00e5ng i T-bana M\u00e4larh\u00f6jden. N\u00e4r du kommer ut, g\u00e5 strax till h\u00f6ger och sedan \u00f6ver till andra=v\u00e4nstra sidan av Sl\u00e4ttg\u00e5rdsv\u00e4gen (ingen g\u00e5ngbana p\u00e5 h\u00f6gersidan). Efter n\u00e5gon minut kommer ett \u00f6verg\u00e5ngsst\u00e4lle och en l\u00e5ng trappa till h\u00f6ger som leder upp till M\u00e4larh\u00f6jdens kyrka \u2013 lyft blicken s\u00e5 ser du kyrkan! Om du k\u00f6r bil \u2013 f\u00f6lj skyltningen.<\/p>\n\n\n\n<h2 class=\"wp-block-heading\">S:t Ansgars kyrka, Dans som meditation och ber\u00e4ttelse <\/h2>\n\n\n\n<p>V\u00e4lkommen att f\u00f6lja med i cirkelns gl\u00e4dje! Tillsammans utforskar vi \u00e5rets l\u00e4kande rytmer och fl\u00f6den! Vi tr\u00e4ffas p\u00e5 torsdagar som vanligt mellan kl;18.00 &#8211; ca 19.30, med start den <strong>22 januari. D\u00e4refter \u00e4r f\u00f6ljande datum fastst\u00e4lda; 26\/2, 12\/3, 26\/3, 23\/4, 7\/5 och 21\/5<\/strong>. Varje torsdag f\u00f6ljer ett visst tema.<br>Du beh\u00f6ver inte anm\u00e4la dig och det \u00e4r ingen avgift. Leder g\u00f6r Ingegerd H\u00e4ller och ibland \u00e4ven IngridIsolde Grunde. Ta g\u00e4rna med egen vattenflaska till pausen.<br>Information: Ingegerd H\u00e4ller, <a href=\"mailto:ingegerd.haller@danshymn.se\">ingegerd.haller@danshymn.se<\/a>, 073-0632387.<\/p>\n\n\n\n<p>S:t Ansgars kyrka, Vid\u00e4ngsv\u00e4gen 11, Tv\u00e4rbana\/T-bana till Alvik. G\u00e5 mot Tranebergsplan ca 100 meter. Parkeringsplatser finns.<\/p>\n\n\n\n<hr class=\"wp-block-separator has-css-opacity\"\/>\n\n\n\n<h2 class=\"wp-block-heading\">Kvinnocirkel med Dans och delande, Eker\u00f6 <\/h2>\n\n\n\n<p>V\u00e4lkommen till Eker\u00f6 f\u00f6r att dansa. Det blir mest traditionella danser fr\u00e5n \u00d6steuropa, danser som jag har l\u00e4rt mig av Laura Shannon men \u00e4ven lite annat. Vi kommer ocks\u00e5 ha tid f\u00f6r fika och samtal, d\u00e4r vi delar tankar, upplevelser och erfarenheter med varandra utifr\u00e5n ett tema. Vi kan vara 10 st n\u00e4r vi dansar hemma hos mig, blir vi fler dansar vi i Kindhals Dansakademi p\u00e5 Eker\u00f6. Kostnaden beror p\u00e5 hur m\u00e5nga vi blir; Om vi dansar hemma, ett frivilligt bidrag till ett gott \u00e4ndam\u00e5l som du sj\u00e4lv best\u00e4mmer, om vi hyr danslokal h\u00f6gst 200;-\/g\u00e5ng. &nbsp;<\/p>\n\n\n\n<p>Anm\u00e4l dig genom att maila; <a href=\"mailto:ingridisolde.grunde@telia.com\">ingridisolde.grunde@telia.com<\/a>,<\/p>\n\n\n\n<p><strong>Vi dansar l\u00f6rdagarna;  14\/3, 11\/4, 9\/5 och 30\/5 kl; 13.30 -16.30.<\/strong> Du \u00e4r v\u00e4lkommen tidigare om du vill \u00e4ta medhavd lunch. <\/p>\n\n\n\n<p><strong>Anm\u00e4l dig senast den 5\/3 om du vill dansa den 14\/3. Anm\u00e4l dig senast den 1\/4 om du vill dansa den 11\/4. Anm\u00e4l dig senast den 29\/4 om du vill dansa den 9\/5. Anm\u00e4l dig senast den 21\/5 om du vill dansa den 30\/5.<\/strong><\/p>\n\n\n\n<h2 class=\"wp-block-heading\">Sofia kyrka, SkapAnde r\u00f6relse och rit <\/h2>\n\n\n\n<p><em>F\u00f6r dig som s\u00f6ker kraft och gemenskap i r\u00f6relse!<\/em><em>P\u00e5 ett lekfullt s\u00e4tt utforskar vi kroppens m\u00f6jligheter till uttryck och samspel<\/em><em>i r\u00f6relse, dans och ord. <\/em><em>Vi inspireras av den kristna ber\u00e4ttelsen &#8211; genom d\u00f6d till liv &#8211;<\/em><em>i dans och rit som ber\u00f6r LIVET!<\/em><\/p>\n\n\n\n<p><strong><em>Kom och PROVA P\u00c5 11 Februari utan anm\u00e4lan eller kostnad i Sofia kyrka 9.30 &#8211; 11.30!!<\/em><\/strong> Inga f\u00f6rkunskaper kr\u00e4vs utom lust och f\u00f6rm\u00e5ga att r\u00f6ra dig! Kl\u00e4 dig f\u00f6r r\u00f6relse och ta med inneskor. <strong>Inneh\u00e5ll:<\/strong> Uppv\u00e4rmning, utforskande, skapande i r\u00f6relse och rit, samtal.<\/p>\n\n\n\n<p><strong>Tid: 7 onsdagar den 11\/2, 25\/2, 11\/3, 25\/3, 8\/4, 22\/4 och 6\/5 kl 9.30 &#8211; 11.30<\/strong><\/p>\n\n\n\n<p><strong>Plats: Sofia kyrka i <\/strong>Vita bergen, t-bana Medborgarplatsen, Buss 3 fr\u00e5n Skanstull.<\/p>\n\n\n\n<p><strong>Ledare:<\/strong> Annika W\u00e4llstedt dans och r\u00f6relseterapeut och pedagog.<\/p>\n\n\n\n<p><strong>Kostnad: 700<\/strong> kr inklusive fika. Prova p\u00e5 12\/2 (ingen anm\u00e4lan) sedan fast grupp.<\/p>\n\n\n\n<p><strong>Anm\u00e4lan och info: <\/strong>Annika W\u00e4llstedt 070-488 14 93<strong>, <\/strong><a href=\"javascript:phoenixHandler.handleMailTo('awe.dans63@gmail.com');\">awe.dans63@gmail.com<\/a><\/p>\n\n\n\n<h2 class=\"wp-block-heading\">B\u00f6n i r\u00f6relse i Viksj\u00f6 kyrka, J\u00e4rf\u00e4lla <\/h2>\n\n\n\n<p>V\u00e4lkommen till B\u00f6n i r\u00f6relse i Viksj\u00f6 kyrka. Vi dansar till&nbsp;nutida dansmusik, svensk folkmusik och klassiska toner. B\u00e5de meditativt och poppigt. Inga f\u00f6rkunskaper, bara dansgl\u00e4dje!&nbsp;I dansen f\u00e5r allt finnas, v\u00e5ra k\u00e4nslor, v\u00e5r l\u00e4ngtan och v\u00e5r b\u00f6n.&nbsp;Kom som du \u00e4r, fri entr\u00e9.&nbsp;<\/p>\n\n\n\n<p>Dansledare; Anna Unghammar som ocks\u00e5 \u00e4r pr\u00e4st i Viksj\u00f6.&nbsp;<\/p>\n\n\n\n<p>Vi m\u00f6ts i <strong>Viksj\u00f6 kyrka<\/strong>&nbsp;f\u00f6ljande <strong>m\u00e5ndagar kl 17.00-18.00:&nbsp;2 mars, 13 april och 11 maj<\/strong><\/p>\n\n\n\n<p>Adress; Agrargr\u00e4nd 2, J\u00e4rf\u00e4lla. F\u00f6r mer information; E-post: <a href=\"javascript:phoenixHandler.handleMailTo('anna.unghammar@svenskakyrkan.se');\">anna.unghammar@svenskakyrkan.se<\/a><br>Telefon: 08-580&nbsp;219 25, 070-390 66 67<\/p>\n\n\n\n<h2 class=\"wp-block-heading\">Karlstads domkyrka, Heliga danser <\/h2>\n\n\n\n<p>Onsdagar under terminerna (H\u00f6st: september till mitten av december; V\u00e5r: mitten av januari \u2013 hela maj) dansar vi heliga danser i Karlstads domkyrka kl 18.00-19.30.&nbsp; Ingen anm\u00e4lan, ingen kostnad. V\u00e4lkommen! Kontaktperson&nbsp;<a href=\"javascript:phoenixHandler.handleMailTo('cecilia.hardestam@svenskakyrkan.se');\">cecilia.hardestam@svenskakyrkan.se<\/a>&nbsp;tel 0767-66 15 32<\/p>\n\n\n\n<h2 class=\"wp-block-heading\">Eriksbergskyrkan, Uppsala <\/h2>\n\n\n\n<p>V\u00e4lkommen att dansa heliga danser\/meditation i r\u00f6relse i Eriksbergskyrkan, Uppsala. Adress: Eriksbergsv\u00e4gen 2 (men kyrkan ligger \u00e4ven vid Norbyv\u00e4gen &#8211; bussh\u00e5llplats Birkagatan). Ing\u00e5ng p\u00e5 nederv\u00e5ningen.<\/p>\n\n\n\n<p>Onsdagar j\u00e4mna veckor kl; 18.30 &#8211; ca 20.00. Start 21 januari. Sista g\u00e5ngen f\u00f6r v\u00e5ren 27 maj.&nbsp; <strong>Obs! Inst\u00e4llt 18 februari och 1;a april <\/strong>p\u00e5 grund av andra aktiviteter i kyrkan. Ingen avgift och ingen anm\u00e4lan beh\u00f6vs. Ta med bekv\u00e4ma skor att dansa i. F\u00f6r mer info kontakta Elisabet Smedjeg\u00e5rd <a>elis-gard@telia.com<\/a><\/p>\n\n\n\n<h1 class=\"wp-block-heading\">Dansgrupper i \u00f6vriga Sverige<\/h1>\n\n\n\n<hr class=\"wp-block-separator has-css-opacity\"\/>\n\n\n\n<p><\/p>\n","protected":false},"excerpt":{"rendered":"<p>Sidan inneh\u00e5ller information om dans grupper v\u00e5ren 2026 och uppdateras successivt. \u00c4r du intresserad av att hitta en lokal dansgrupp d\u00e4r du kan dansa regelbundet hittar du information om detta h\u00e4r. Leder du sj\u00e4lv en grupp har du m\u00f6jlighet att h\u00e4r l\u00e4gga ut information om dig sj\u00e4lv, dina kontaktuppgifter, gruppens<span class=\"more-link\"><a href=\"https:\/\/cirkeldans.se\/index.php\/kalendarium\/\">Continue Reading<\/a><\/span><\/p>\n","protected":false},"author":1,"featured_media":0,"parent":0,"menu_order":0,"comment_status":"closed","ping_status":"closed","template":"","meta":{"footnotes":""},"class_list":["entry","author-xrf3wckot0","post-7","page","type-page","status-publish"],"_links":{"self":[{"href":"https:\/\/cirkeldans.se\/index.php\/wp-json\/wp\/v2\/pages\/7","targetHints":{"allow":["GET"]}}],"collection":[{"href":"https:\/\/cirkeldans.se\/index.php\/wp-json\/wp\/v2\/pages"}],"about":[{"href":"https:\/\/cirkeldans.se\/index.php\/wp-json\/wp\/v2\/types\/page"}],"author":[{"embeddable":true,"href":"https:\/\/cirkeldans.se\/index.php\/wp-json\/wp\/v2\/users\/1"}],"replies":[{"embeddable":true,"href":"https:\/\/cirkeldans.se\/index.php\/wp-json\/wp\/v2\/comments?post=7"}],"version-history":[{"count":480,"href":"https:\/\/cirkeldans.se\/index.php\/wp-json\/wp\/v2\/pages\/7\/revisions"}],"predecessor-version":[{"id":2682,"href":"https:\/\/cirkeldans.se\/index.php\/wp-json\/wp\/v2\/pages\/7\/revisions\/2682"}],"wp:attachment":[{"href":"https:\/\/cirkeldans.se\/index.php\/wp-json\/wp\/v2\/media?parent=7"}],"curies":[{"name":"wp","href":"https:\/\/api.w.org\/{rel}","templated":true}]}}