{"id":125,"date":"2019-06-16T20:03:14","date_gmt":"2019-06-16T18:03:14","guid":{"rendered":"http:\/\/cirkeldans.se\/?page_id=125"},"modified":"2023-06-01T08:26:31","modified_gmt":"2023-06-01T06:26:31","slug":"flodet","status":"publish","type":"page","link":"http:\/\/cirkeldans.se\/index.php\/flodet\/","title":{"rendered":"Fl\u00f6det"},"content":{"rendered":"\n<div class=\"wp-block-media-text alignwide is-stacked-on-mobile\" style=\"grid-template-columns:34% auto\"><figure class=\"wp-block-media-text__media\"><img loading=\"lazy\" decoding=\"async\" width=\"768\" height=\"1024\" src=\"http:\/\/cirkeldans.se\/wp-content\/uploads\/2019\/06\/20190614_111318-e1560504168217-768x1024.jpg\" alt=\"\" class=\"wp-image-107 size-full\" srcset=\"http:\/\/cirkeldans.se\/wp-content\/uploads\/2019\/06\/20190614_111318-e1560504168217-768x1024.jpg 768w, http:\/\/cirkeldans.se\/wp-content\/uploads\/2019\/06\/20190614_111318-e1560504168217-225x300.jpg 225w, http:\/\/cirkeldans.se\/wp-content\/uploads\/2019\/06\/20190614_111318-e1560504168217-1568x2091.jpg 1568w\" sizes=\"auto, (max-width: 768px) 100vw, 768px\" \/><\/figure><div class=\"wp-block-media-text__content\">\n<p style=\"font-size:27.5px\">Agneta Henning, Fl\u00f6dets senaste och sista redakt\u00f6r kommer h\u00e4r att ber\u00e4tta om sina erfarenheter och om Fl\u00f6dets historia.<\/p>\n<\/div><\/div>\n\n\n\n<p><strong>Dansresa till Marocko<\/strong><\/p>\n\n\n\n<p>Anne-Marie Roos Retourn\u00e9 \u00e5kte Mars 2023 till Marocko f\u00f6r en dans- och kulturresa med Laura Shannon. Ta del av hennes fina, fina minnen och bilder&#8230;&#8230;&#8230;<\/p>\n\n\n\n<div class=\"wp-block-file\"><a id=\"wp-block-file--media-63b0be9b-1f89-4bd3-8a82-79db4f4dfec2\" href=\"http:\/\/cirkeldans.se\/wp-content\/uploads\/2023\/06\/Marocko-2023.pdf\">Marocko-2023<\/a><a href=\"http:\/\/cirkeldans.se\/wp-content\/uploads\/2023\/06\/Marocko-2023.pdf\" class=\"wp-block-file__button\" download aria-describedby=\"wp-block-file--media-63b0be9b-1f89-4bd3-8a82-79db4f4dfec2\">Ladda ner<\/a><\/div>\n\n\n\n<p><strong>Fl\u00f6det \u2013 Agnetas bidrag artikel fr\u00e5n 2019 (f\u00f6re pandemin!)<\/strong><br>Fl\u00f6det var mellan 1996 och 2017 en uppskattad papperstidskrift inneh\u00e5llande information,<br>ber\u00e4ttelser och artiklar knutna till den helande cirkeldansen. Allt arbete har sk\u00f6tts ideellt och<br>den l\u00e5ga prenumerationsavgiften gick till tryckning och porto \u2013 som gav oss lyxen att f\u00e5 tre<br>nummer per \u00e5r hemskickade i brevl\u00e5dan.<br>Initiativtagaren till Fl\u00f6det var Lucie Minne \u00e5r 1996, som ocks\u00e5 var den som tog den Helande<br>Cirkeldansen fr\u00e5n Findhorn till Sverige p\u00e5 80-talet. <\/p>\n\n\n\n<p><em>Klicka p\u00e5 &#8221;ladda ner&#8221; f\u00f6r att l\u00e4sa hela artikeln<\/em><\/p>\n\n\n\n<div class=\"wp-block-file\"><a id=\"wp-block-file--media-cb7576aa-6929-404e-9ee8-5ab1c6401361\" href=\"http:\/\/cirkeldans.se\/wp-content\/uploads\/2022\/04\/Flodet-Agnetasbidrag.pdf\">Flodet-Agnetasbidrag<\/a><a href=\"http:\/\/cirkeldans.se\/wp-content\/uploads\/2022\/04\/Flodet-Agnetasbidrag.pdf\" class=\"wp-block-file__button\" download aria-describedby=\"wp-block-file--media-cb7576aa-6929-404e-9ee8-5ab1c6401361\">Ladda ner<\/a><\/div>\n\n\n\n<p><strong>Mara R\u00f6nn danser<\/strong><\/p>\n\n\n\n<p>Ann-Marie Roos Reoturn\u00e9, Maria R\u00f6nn, Ulla Bunis och Gunnilla Stjermberg har gjort ett urval bland Maria R\u00f6nns koreografier med anledning av heliga dansers 30-\u00e5rsjubileum, som finns samlade i ett h\u00e4fte. Vill du k\u00f6pa ett h\u00e4fte med dansnotationerna f\u00f6r 150 kr + porto? kan du skicka mail till <a href=\"http:\/\/webmail.telia.com:80\/invalidurl.gif\">am.retourne@gmail.com<\/a>.<\/p>\n\n\n\n<p><strong>Jordalyft<\/strong><\/p>\n\n\n\n<p>Mars 2023 diplomerades 12 (!) Jordalyftdansledare. H\u00e4r kan du l\u00e4sa det som Sensus skrivit om danshelgen.<\/p>\n\n\n\n<p><a href=\"https:\/\/www.sensus.se\/berattelser\/jordalyft-en-dansrit-som-lyfter-klimatkrisen\/\">https:\/\/www.sensus.se\/berattelser\/jordalyft-en-dansrit-som-lyfter-klimatkrisen\/<\/a><\/p>\n\n\n\n<p><strong>Jag kopplar upp mig och dansen fl\u00f6dar<\/strong><\/p>\n\n\n\n<p>Ett samtal med mig sj\u00e4lv&#8230;&#8230;..<\/p>\n\n\n\n<p>Vad \u00e4r det i de traditionella danserna &#8211; de rituella, ned\u00e4rvda &#8211; som engagerar och ber\u00f6r mig till den grad att jag f\u00f6redrar dem framf\u00f6r andra danser? Jag t\u00e4nker p\u00e5 danserna fr\u00e5n Armenien, Mellan\u00f6stern, de grekiska \u00f6arna och syd\u00f6stra Europa\/Balkan.&nbsp;<\/p>\n\n\n\n<p><em>Klicka p\u00e5 &#8221;ladda ner&#8221; f\u00f6r att l\u00e4sa hela artikeln<\/em><\/p>\n\n\n\n<div class=\"wp-block-file\"><a id=\"wp-block-file--media-1033df37-fd61-4882-8745-485ecf25b897\" href=\"http:\/\/cirkeldans.se\/wp-content\/uploads\/2023\/03\/Jag-kopplar-upp-mig.pdf\">Jag-kopplar-upp-mig<\/a><a href=\"http:\/\/cirkeldans.se\/wp-content\/uploads\/2023\/03\/Jag-kopplar-upp-mig.pdf\" class=\"wp-block-file__button\" download aria-describedby=\"wp-block-file--media-1033df37-fd61-4882-8745-485ecf25b897\">Ladda ner<\/a><\/div>\n\n\n\n<p><strong>\u201dEderlezi\u201d \u2013 V\u00e5rfest med Piry Krakow p\u00e5 Vidarkliniken i J\u00e4rna, maj 2022<\/strong><\/p>\n\n\n\n<p>Ederlezi \u00e4r namnet p\u00e5 en festival som romer firar nere p\u00e5 Balkan, f\u00f6r att v\u00e5ren \u00e4r h\u00e4r, f\u00f6r jorden<br>och gr\u00f6nskan. Det \u00e4r Kirsten som har kallat oss hit till J\u00e4rna, 25 kvinnor fr\u00e5n n\u00e4r och fj\u00e4rran, v\u00e5r<br>dansfamilj. Och \u00e4ntligen \u00e4r hon h\u00e4r, Piry Krakow, f\u00f6r att leda oss in i den romska dansen, fira<br>v\u00e5rens \u00e5terkomst h\u00e4r uppe i norr. S\u00e5 m\u00e5nga g\u00e5nger har m\u00f6tet f\u00e5tt skjutas p\u00e5, men nu \u00e4r det<br>\u00e4ntligen dags!<br>Vi st\u00e5r i det vackra rummet p\u00e5 Vidarkliniken. Kv\u00e4llsljuset lyser in genom f\u00f6nstren&#8230; korna betar<br>d\u00e4rute&#8230; och hela naturen \u00e4r full av spirande liv och r\u00f6relse, n\u00e4ktergalen&#8230; f\u00f6rv\u00e4ntan..<\/p>\n\n\n\n<p><em>Klicka p\u00e5 &#8221;ladda ner&#8221; f\u00f6r att l\u00e4sa hela artikeln<\/em><\/p>\n\n\n\n<div class=\"wp-block-file\"><a id=\"wp-block-file--media-46e7c101-de11-4f93-a23f-9c38aef663ba\" href=\"http:\/\/cirkeldans.se\/wp-content\/uploads\/2022\/05\/Ederlezi-va\u030arfest.pdf\" target=\"_blank\" rel=\"noreferrer noopener\">Ederlezi-va\u030arfest  med Piry Krakow i J\u00e4rna Maj 2022<\/a><a href=\"http:\/\/cirkeldans.se\/wp-content\/uploads\/2022\/05\/Ederlezi-va\u030arfest.pdf\" class=\"wp-block-file__button\" download aria-describedby=\"wp-block-file--media-46e7c101-de11-4f93-a23f-9c38aef663ba\">Ladda ner<\/a><\/div>\n\n\n\n<p><strong>Hj\u00e4rtats hemlighet av Susanna Hellsing<\/strong><br>Mellan himmel och jord \u2013 en sufi cirklar kring sin egen axel med h\u00f6ger handflata lyft mot<br>himlen och v\u00e4nster handflata mot jorden. Flera sufier cirklar i rummet som m\u00e5ne och<br>planeter i himmelsk dans f\u00f6r att bli fria fr\u00e5n Jaget och f\u00f6renas med Gud.  <br>Dessa heliga dervishdanser, men \u00e4ven folkliga danser, har inspirerat Bernhard och<br>Maria-Gabriele Wosien.<br>Det \u00e4r i augusti 2012 och vi firar Heliga dansers 20-\u00e5rsjubileum i Markuskyrkan i Bj\u00f6rkhagen.<\/p>\n\n\n\n<p><em>Klicka p\u00e5 &#8221;ladda ner&#8221; f\u00f6r att l\u00e4sa hela artikeln<\/em><\/p>\n\n\n\n<div class=\"wp-block-file\"><a id=\"wp-block-file--media-37a17d15-78cd-4488-bc04-54feafa2ea82\" href=\"http:\/\/cirkeldans.se\/index.php\/flodet\/hjartats-hemlighet\/\">Hjartats-hemlighet <\/a><a href=\"http:\/\/cirkeldans.se\/wp-content\/uploads\/2022\/04\/Hjartats-hemlighet.pdf\" class=\"wp-block-file__button\" download aria-describedby=\"wp-block-file--media-37a17d15-78cd-4488-bc04-54feafa2ea82\">Ladda ner<\/a><\/div>\n\n\n\n<p><strong>Mitt liv med helande dans<\/strong><\/p>\n\n\n\n<p>Jag hade h\u00f6rt ryktas om den h\u00e4r speciella platsen Findhorn Foundation i Skottland<br>d\u00e4r man med andlighet i grunden ville leva i samklang med varandra och naturen.<br>1979 reste jag dit med nyfikenhet och \u00f6ppet sinne och var med p\u00e5 deras Experience<br>week. En dag fick vi prova p\u00e5 Sacred Dance som talade direkt till mig som om jag<br>hittat n\u00e5got jag letat efter utan att veta vad! Och efter att jag kom hem till Stockholm<br>ledde jag n\u00e5gra enkla stilla danser i min meditationsgrupp, ett fr\u00f6 hade s\u00e5tts.<\/p>\n\n\n\n<p><em>Klicka p\u00e5 &#8221;ladda ner&#8221; f\u00f6r att l\u00e4sa hela artikeln<\/em><\/p>\n\n\n\n<div class=\"wp-block-file\"><a id=\"wp-block-file--media-ea48eb1a-249c-44bb-9665-a6039a8b20f2\" href=\"http:\/\/cirkeldans.se\/index.php\/flodet\/luci-minnes-text\/\" target=\"_blank\" rel=\"noreferrer noopener\">Mitt liv med helande dans, Luci-Minnes-text<\/a><a href=\"http:\/\/cirkeldans.se\/wp-content\/uploads\/2022\/04\/Luci-Minnes-text.pdf\" class=\"wp-block-file__button\" download aria-describedby=\"wp-block-file--media-ea48eb1a-249c-44bb-9665-a6039a8b20f2\">Ladda ner<\/a><\/div>\n\n\n\n<p><\/p>\n","protected":false},"excerpt":{"rendered":"<p>Agneta Henning, Fl\u00f6dets senaste och sista redakt\u00f6r kommer h\u00e4r att ber\u00e4tta om sina erfarenheter och om Fl\u00f6dets historia. Dansresa till Marocko Anne-Marie Roos Retourn\u00e9 \u00e5kte Mars 2023 till Marocko f\u00f6r en dans- och kulturresa med Laura Shannon. Ta del av hennes fina, fina minnen och bilder&#8230;&#8230;&#8230; Fl\u00f6det \u2013 Agnetas bidrag<span class=\"more-link\"><a href=\"http:\/\/cirkeldans.se\/index.php\/flodet\/\">Continue Reading<\/a><\/span><\/p>\n","protected":false},"author":1,"featured_media":0,"parent":0,"menu_order":0,"comment_status":"closed","ping_status":"closed","template":"","meta":{"footnotes":""},"class_list":["entry","author-xrf3wckot0","post-125","page","type-page","status-publish"],"_links":{"self":[{"href":"http:\/\/cirkeldans.se\/index.php\/wp-json\/wp\/v2\/pages\/125","targetHints":{"allow":["GET"]}}],"collection":[{"href":"http:\/\/cirkeldans.se\/index.php\/wp-json\/wp\/v2\/pages"}],"about":[{"href":"http:\/\/cirkeldans.se\/index.php\/wp-json\/wp\/v2\/types\/page"}],"author":[{"embeddable":true,"href":"http:\/\/cirkeldans.se\/index.php\/wp-json\/wp\/v2\/users\/1"}],"replies":[{"embeddable":true,"href":"http:\/\/cirkeldans.se\/index.php\/wp-json\/wp\/v2\/comments?post=125"}],"version-history":[{"count":28,"href":"http:\/\/cirkeldans.se\/index.php\/wp-json\/wp\/v2\/pages\/125\/revisions"}],"predecessor-version":[{"id":1367,"href":"http:\/\/cirkeldans.se\/index.php\/wp-json\/wp\/v2\/pages\/125\/revisions\/1367"}],"wp:attachment":[{"href":"http:\/\/cirkeldans.se\/index.php\/wp-json\/wp\/v2\/media?parent=125"}],"curies":[{"name":"wp","href":"https:\/\/api.w.org\/{rel}","templated":true}]}}